{"id":3825,"date":"2020-05-26T15:09:21","date_gmt":"2020-05-26T15:09:21","guid":{"rendered":"https:\/\/blanchedalmond-jackal-584076.hostingersite.com\/?page_id=3825"},"modified":"2025-02-17T17:10:46","modified_gmt":"2025-02-17T17:10:46","slug":"sobre","status":"publish","type":"page","link":"https:\/\/xn--cghtelesdeproena-qpb.com.br\/?page_id=3825","title":{"rendered":"Sobre"},"content":{"rendered":"\t\t<div data-elementor-type=\"wp-page\" data-elementor-id=\"3825\" class=\"elementor elementor-3825\">\n\t\t\t\t\t\t<section class=\"elementor-section elementor-top-section elementor-element elementor-element-2253d180 scheme_dark sc_bg_mask_7 elementor-section-boxed elementor-section-height-default elementor-section-height-default sc_fly_static\" data-id=\"2253d180\" data-element_type=\"section\" data-e-type=\"section\" data-settings=\"{&quot;background_background&quot;:&quot;classic&quot;}\">\n\t\t\t\t\t\t<div class=\"elementor-container elementor-column-gap-extended\">\n\t\t\t\t\t<div class=\"elementor-column elementor-col-100 elementor-top-column elementor-element elementor-element-10189c53 sc_content_align_inherit sc_layouts_column_icons_position_left sc_fly_static\" data-id=\"10189c53\" data-element_type=\"column\" data-e-type=\"column\">\n\t\t\t<div class=\"elementor-widget-wrap elementor-element-populated\">\n\t\t\t\t\t\t<div class=\"elementor-element elementor-element-34a3b6d2 sc_height_medium sc_fly_static elementor-widget elementor-widget-spacer\" data-id=\"34a3b6d2\" data-element_type=\"widget\" data-e-type=\"widget\" data-widget_type=\"spacer.default\">\n\t\t\t\t<div class=\"elementor-widget-container\">\n\t\t\t\t\t\t\t<div class=\"elementor-spacer\">\n\t\t\t<div class=\"elementor-spacer-inner\"><\/div>\n\t\t<\/div>\n\t\t\t\t\t\t<\/div>\n\t\t\t\t<\/div>\n\t\t\t\t<section class=\"elementor-section elementor-inner-section elementor-element elementor-element-f0cbf7 elementor-section-boxed elementor-section-height-default elementor-section-height-default sc_fly_static\" data-id=\"f0cbf7\" data-element_type=\"section\" data-e-type=\"section\">\n\t\t\t\t\t\t<div class=\"elementor-container elementor-column-gap-no\">\n\t\t\t\t\t<div class=\"elementor-column elementor-col-100 elementor-inner-column elementor-element elementor-element-3cc74197 sc_content_align_inherit sc_layouts_column_icons_position_left sc_fly_static\" data-id=\"3cc74197\" data-element_type=\"column\" data-e-type=\"column\">\n\t\t\t<div class=\"elementor-widget-wrap elementor-element-populated\">\n\t\t\t\t\t\t<div class=\"elementor-element elementor-element-415dc79e sc_fly_static elementor-widget elementor-widget-trx_sc_title\" data-id=\"415dc79e\" data-element_type=\"widget\" data-e-type=\"widget\" data-widget_type=\"trx_sc_title.default\">\n\t\t\t\t<div class=\"elementor-widget-container\">\n\t\t\t\t\t<div\t\tclass=\"sc_title sc_title_default\" ><span class=\"sc_item_subtitle sc_title_subtitle sc_item_subtitle_above sc_item_title_style_default\">CGH TELES DE PROEN\u00c7A<\/span><h1 class=\"sc_item_title sc_title_title sc_item_title_style_default sc_item_title_tag trx_addons_inline_947689134\"\n\t\t\t><span class=\"sc_item_title_text\">Sobre<\/span><\/h1><\/div>\t\t\t\t<\/div>\n\t\t\t\t<\/div>\n\t\t\t\t\t<\/div>\n\t\t<\/div>\n\t\t\t\t\t<\/div>\n\t\t<\/section>\n\t\t\t\t<div class=\"elementor-element elementor-element-1084a29 sc_layouts_hide_on_tablet sc_layouts_hide_on_mobile sc_fly_static elementor-widget elementor-widget-spacer\" data-id=\"1084a29\" data-element_type=\"widget\" data-e-type=\"widget\" data-widget_type=\"spacer.default\">\n\t\t\t\t<div class=\"elementor-widget-container\">\n\t\t\t\t\t\t\t<div class=\"elementor-spacer\">\n\t\t\t<div class=\"elementor-spacer-inner\"><\/div>\n\t\t<\/div>\n\t\t\t\t\t\t<\/div>\n\t\t\t\t<\/div>\n\t\t\t\t<div class=\"elementor-element elementor-element-c92a241 sc_layouts_hide_on_tablet sc_layouts_hide_on_mobile sc_fly_static elementor-widget elementor-widget-spacer\" data-id=\"c92a241\" data-element_type=\"widget\" data-e-type=\"widget\" data-widget_type=\"spacer.default\">\n\t\t\t\t<div class=\"elementor-widget-container\">\n\t\t\t\t\t\t\t<div class=\"elementor-spacer\">\n\t\t\t<div class=\"elementor-spacer-inner\"><\/div>\n\t\t<\/div>\n\t\t\t\t\t\t<\/div>\n\t\t\t\t<\/div>\n\t\t\t\t<div class=\"elementor-element elementor-element-b995c40 sc_height_medium sc_fly_static elementor-widget elementor-widget-spacer\" data-id=\"b995c40\" data-element_type=\"widget\" data-e-type=\"widget\" data-widget_type=\"spacer.default\">\n\t\t\t\t<div class=\"elementor-widget-container\">\n\t\t\t\t\t\t\t<div class=\"elementor-spacer\">\n\t\t\t<div class=\"elementor-spacer-inner\"><\/div>\n\t\t<\/div>\n\t\t\t\t\t\t<\/div>\n\t\t\t\t<\/div>\n\t\t\t\t\t<\/div>\n\t\t<\/div>\n\t\t\t\t\t<\/div>\n\t\t<\/section>\n\t\t\t\t<section class=\"elementor-section elementor-top-section elementor-element elementor-element-2d6418d elementor-section-boxed elementor-section-height-default elementor-section-height-default sc_fly_static\" data-id=\"2d6418d\" data-element_type=\"section\" data-e-type=\"section\" data-settings=\"{&quot;background_background&quot;:&quot;classic&quot;}\">\n\t\t\t\t\t\t<div class=\"elementor-container elementor-column-gap-extended\">\n\t\t\t\t\t<div class=\"elementor-column elementor-col-50 elementor-top-column elementor-element elementor-element-0eba60c sc_content_align_inherit sc_layouts_column_icons_position_left sc_fly_static\" data-id=\"0eba60c\" data-element_type=\"column\" data-e-type=\"column\">\n\t\t\t<div class=\"elementor-widget-wrap elementor-element-populated\">\n\t\t\t\t\t\t<div class=\"elementor-element elementor-element-974adbc sc_height_huge sc_fly_static elementor-widget elementor-widget-spacer\" data-id=\"974adbc\" data-element_type=\"widget\" data-e-type=\"widget\" data-widget_type=\"spacer.default\">\n\t\t\t\t<div class=\"elementor-widget-container\">\n\t\t\t\t\t\t\t<div class=\"elementor-spacer\">\n\t\t\t<div class=\"elementor-spacer-inner\"><\/div>\n\t\t<\/div>\n\t\t\t\t\t\t<\/div>\n\t\t\t\t<\/div>\n\t\t\t\t<div class=\"elementor-element elementor-element-6f28a98b sc_fly_static elementor-widget elementor-widget-text-editor\" data-id=\"6f28a98b\" data-element_type=\"widget\" data-e-type=\"widget\" data-widget_type=\"text-editor.default\">\n\t\t\t\t<div class=\"elementor-widget-container\">\n\t\t\t\t\t\t\t\t\t<p class=\"p1\">O empreendimento hidrel\u00e9trico da <span class=\"s1\"><b>CGH Teles de Proen\u00e7a<\/b><\/span> \u00e9 um exemplo de inova\u00e7\u00e3o e sustentabilidade no setor energ\u00e9tico. Localizado na <span class=\"s1\"><b>Bacia Hidrogr\u00e1fica do Rio das Antas<\/b><\/span>, entre os munic\u00edpios de <span class=\"s1\"><b>Faxinal e Maril\u00e2ndia do Sul (PR)<\/b><\/span>, nosso projeto foi desenvolvido com o compromisso de gerar energia limpa e renov\u00e1vel, garantindo efici\u00eancia e preserva\u00e7\u00e3o ambiental.<\/p><p class=\"p1\">Com <span class=\"s1\"><b>2,5 MW de pot\u00eancia instalada<\/b><\/span>, utilizamos <span class=\"s1\"><b>duas turbinas Francis Simples<\/b><\/span> para converter o potencial h\u00eddrico da regi\u00e3o em eletricidade, contribuindo para uma matriz energ\u00e9tica mais sustent\u00e1vel. Nossa gera\u00e7\u00e3o m\u00e9dia anual esperada \u00e9 de <span class=\"s1\"><b>1,10 MWmed<\/b><\/span>, um volume significativo para abastecer diversas demandas com uma fonte de energia confi\u00e1vel e de baixo impacto ambiental.<\/p><p class=\"p1\">A preserva\u00e7\u00e3o dos recursos naturais \u00e9 um dos pilares do nosso empreendimento. Nosso <span class=\"s1\"><b>reservat\u00f3rio de 6,59 hectares<\/b><\/span> foi projetado para minimizar interfer\u00eancias na fauna e flora locais, garantindo que a gera\u00e7\u00e3o de energia ocorra de forma equilibrada e respons\u00e1vel. Al\u00e9m disso, adotamos pr\u00e1ticas de <span class=\"s1\"><b>gest\u00e3o ambiental<\/b><\/span>, como o monitoramento da qualidade da \u00e1gua e a preserva\u00e7\u00e3o da vegeta\u00e7\u00e3o nativa, refor\u00e7ando nosso compromisso com a sustentabilidade.<\/p><p class=\"p1\">Mais do que produzir energia, acreditamos no <span class=\"s1\"><b>desenvolvimento regional<\/b><\/span>. Nosso projeto contribui para o crescimento econ\u00f4mico dos munic\u00edpios envolvidos, gerando empregos, incentivando a infraestrutura local e promovendo um futuro mais sustent\u00e1vel para a comunidade.<\/p><p class=\"p1\">A <span class=\"s1\"><b>Teles de Proen\u00e7a<\/b><\/span>\u00a0reafirma seu compromisso com a <span class=\"s1\"><b>efici\u00eancia energ\u00e9tica e o respeito ao meio ambiente<\/b><\/span>, alinhando tecnologia e inova\u00e7\u00e3o para transformar o potencial dos recursos h\u00eddricos em um legado de sustentabilidade para as pr\u00f3ximas gera\u00e7\u00f5es.<\/p><p class=\"p3\"><span class=\"s2\">\ud83c\udf3f <\/span><b>Energia renov\u00e1vel, responsabilidade ambiental e desenvolvimento sustent\u00e1vel. Esse \u00e9 o nosso compromisso.<\/b><\/p>\t\t\t\t\t\t\t\t<\/div>\n\t\t\t\t<\/div>\n\t\t\t\t<div class=\"elementor-element elementor-element-0bc6641 sc_layouts_hide_on_tablet sc_layouts_hide_on_mobile sc_fly_static elementor-widget elementor-widget-spacer\" data-id=\"0bc6641\" data-element_type=\"widget\" data-e-type=\"widget\" data-widget_type=\"spacer.default\">\n\t\t\t\t<div class=\"elementor-widget-container\">\n\t\t\t\t\t\t\t<div class=\"elementor-spacer\">\n\t\t\t<div class=\"elementor-spacer-inner\"><\/div>\n\t\t<\/div>\n\t\t\t\t\t\t<\/div>\n\t\t\t\t<\/div>\n\t\t\t\t\t<\/div>\n\t\t<\/div>\n\t\t\t\t<div class=\"elementor-column elementor-col-50 elementor-top-column elementor-element elementor-element-f5d34ac sc_content_align_inherit sc_layouts_column_icons_position_left sc_fly_static\" data-id=\"f5d34ac\" data-element_type=\"column\" data-e-type=\"column\">\n\t\t\t<div class=\"elementor-widget-wrap elementor-element-populated\">\n\t\t\t\t\t\t<div class=\"elementor-element elementor-element-a28ab76 sc_fly_static elementor-widget elementor-widget-image\" data-id=\"a28ab76\" data-element_type=\"widget\" data-e-type=\"widget\" data-widget_type=\"image.default\">\n\t\t\t\t<div class=\"elementor-widget-container\">\n\t\t\t\t\t\t\t\t\t\t\t\t\t\t\t<img fetchpriority=\"high\" decoding=\"async\" width=\"768\" height=\"1024\" src=\"https:\/\/xn--cghtelesdeproena-qpb.com.br\/wp-content\/uploads\/2025\/02\/WhatsApp-Image-2025-02-14-at-16.13.00-1-768x1024.jpeg\" class=\"attachment-large size-large wp-image-24448\" alt=\"\" srcset=\"https:\/\/xn--cghtelesdeproena-qpb.com.br\/wp-content\/uploads\/2025\/02\/WhatsApp-Image-2025-02-14-at-16.13.00-1-768x1024.jpeg 768w, https:\/\/xn--cghtelesdeproena-qpb.com.br\/wp-content\/uploads\/2025\/02\/WhatsApp-Image-2025-02-14-at-16.13.00-1-225x300.jpeg 225w, https:\/\/xn--cghtelesdeproena-qpb.com.br\/wp-content\/uploads\/2025\/02\/WhatsApp-Image-2025-02-14-at-16.13.00-1-370x493.jpeg 370w, https:\/\/xn--cghtelesdeproena-qpb.com.br\/wp-content\/uploads\/2025\/02\/WhatsApp-Image-2025-02-14-at-16.13.00-1-840x1120.jpeg 840w, https:\/\/xn--cghtelesdeproena-qpb.com.br\/wp-content\/uploads\/2025\/02\/WhatsApp-Image-2025-02-14-at-16.13.00-1-410x547.jpeg 410w, https:\/\/xn--cghtelesdeproena-qpb.com.br\/wp-content\/uploads\/2025\/02\/WhatsApp-Image-2025-02-14-at-16.13.00-1.jpeg 960w\" sizes=\"(max-width: 768px) 100vw, 768px\" \/>\t\t\t\t\t\t\t\t\t\t\t\t\t\t\t<\/div>\n\t\t\t\t<\/div>\n\t\t\t\t\t<\/div>\n\t\t<\/div>\n\t\t\t\t\t<\/div>\n\t\t<\/section>\n\t\t\t\t<section class=\"elementor-section elementor-top-section elementor-element elementor-element-d538eb4 elementor-section-boxed elementor-section-height-default elementor-section-height-default sc_fly_static\" data-id=\"d538eb4\" data-element_type=\"section\" data-e-type=\"section\" data-settings=\"{&quot;background_background&quot;:&quot;classic&quot;}\">\n\t\t\t\t\t\t<div class=\"elementor-container elementor-column-gap-extended\">\n\t\t\t\t\t<div class=\"elementor-column elementor-col-50 elementor-top-column elementor-element elementor-element-6917d0d sc_content_align_inherit sc_layouts_column_icons_position_left sc_fly_static\" data-id=\"6917d0d\" data-element_type=\"column\" data-e-type=\"column\">\n\t\t\t<div class=\"elementor-widget-wrap elementor-element-populated\">\n\t\t\t\t\t\t<div class=\"elementor-element elementor-element-c37ba4f sc_height_huge sc_fly_static elementor-widget elementor-widget-spacer\" data-id=\"c37ba4f\" data-element_type=\"widget\" data-e-type=\"widget\" data-widget_type=\"spacer.default\">\n\t\t\t\t<div class=\"elementor-widget-container\">\n\t\t\t\t\t\t\t<div class=\"elementor-spacer\">\n\t\t\t<div class=\"elementor-spacer-inner\"><\/div>\n\t\t<\/div>\n\t\t\t\t\t\t<\/div>\n\t\t\t\t<\/div>\n\t\t\t\t<div class=\"elementor-element elementor-element-0ba2311 sc_fly_static elementor-widget elementor-widget-heading\" data-id=\"0ba2311\" data-element_type=\"widget\" data-e-type=\"widget\" data-widget_type=\"heading.default\">\n\t\t\t\t<div class=\"elementor-widget-container\">\n\t\t\t\t\t<h3 class=\"elementor-heading-title elementor-size-default\">Especifica\u00e7\u00f5es\u00a0T\u00e9cnicas<\/h3>\t\t\t\t<\/div>\n\t\t\t\t<\/div>\n\t\t\t\t<div class=\"elementor-element elementor-element-f2ec02b sc_fly_static elementor-widget elementor-widget-text-editor\" data-id=\"f2ec02b\" data-element_type=\"widget\" data-e-type=\"widget\" data-widget_type=\"text-editor.default\">\n\t\t\t\t<div class=\"elementor-widget-container\">\n\t\t\t\t\t\t\t\t\t<div id=\"WRchTxt1e-1bit\" class=\"HcOXKn SxM0TO QxJLC3 lq2cno YQcXTT WRchTxt1e-1bit wixui-rich-text\" data-testid=\"richTextElement\"><h2 class=\"font_2 wixui-rich-text__text\">\u00a0<\/h2><\/div><div id=\"WRchTxt1c-gos\" class=\"HcOXKn SxM0TO QxJLC3 lq2cno YQcXTT WRchTxt1c-gos wixui-rich-text\" data-testid=\"richTextElement\"><ul class=\"font_8 wixui-rich-text__text\"><li class=\"wixui-rich-text__text\"><p class=\"font_8 wixui-rich-text__text\"><span class=\"wixui-rich-text__text\">Est\u00e1 localizada na Bacia Hidrogr\u00e1fica\u00a0do rio das Antas, afluente do rio Bom, bacia do rio Iva\u00ed.<\/span><\/p><\/li><li class=\"wixui-rich-text__text\"><p class=\"font_8 wixui-rich-text__text\"><span class=\"wixui-rich-text__text\">Coordenadas: 22k 461018.00, 7361012.00, altitude 578,5 m.<\/span><\/p><\/li><li class=\"wixui-rich-text__text\"><p class=\"font_8 wixui-rich-text__text\"><span class=\"wixui-rich-text__text\">Munic\u00edpios\u00a0de Faxinal e Maril\u00e2ndia\u00a0do Sul.<\/span><\/p><\/li><li class=\"wixui-rich-text__text\"><p class=\"font_8 wixui-rich-text__text\"><span class=\"wixui-rich-text__text\">\u00c1rea de drenagem: 107,14 km.<\/span><\/p><\/li><li class=\"wixui-rich-text__text\"><p class=\"font_8 wixui-rich-text__text\"><span class=\"wixui-rich-text__text\">Reservat\u00f3rio: 6,59 ha de \u00e1rea alagada sendo 1,06 ha de calha natural do rio e 5,53 ha de \u00e1rea efetivamente alagada.<\/span><\/p><\/li><li class=\"wixui-rich-text__text\"><p class=\"font_8 wixui-rich-text__text\"><span class=\"wixui-rich-text__text\">Canal adutor: escavado em solo\/rocha com 1005 m de comprimento.<\/span><\/p><\/li><\/ul><\/div><div id=\"comp-kdkqvno8\" class=\"HcOXKn SxM0TO QxJLC3 lq2cno YQcXTT comp-kdkqvno8 wixui-rich-text\" data-testid=\"richTextElement\"><ul class=\"font_8 wixui-rich-text__text\"><li class=\"wixui-rich-text__text\"><p class=\"font_8 wixui-rich-text__text\"><span class=\"wixui-rich-text__text\">Trata-se de empreendimento hidrel\u00e9trico de pequeno porte, com pot\u00eancia instalada de 2,5 MW e gera\u00e7\u00e3o m\u00e9dia anual esperada de 1,10 MWmed.<\/span><\/p><\/li><\/ul><\/div><div id=\"comp-kdkqxaia\" class=\"HcOXKn SxM0TO QxJLC3 lq2cno YQcXTT comp-kdkqxaia wixui-rich-text\" data-testid=\"richTextElement\"><ul class=\"font_8 wixui-rich-text__text\"><li class=\"wixui-rich-text__text\"><p class=\"font_8 wixui-rich-text__text\"><span class=\"wixui-rich-text__text\">Conduto for\u00e7ado: 183 m de comprimento e di\u00e2metro\u00a0de 1,20 m.<\/span><\/p><\/li><li class=\"wixui-rich-text__text\"><p class=\"font_8 wixui-rich-text__text\"><span class=\"wixui-rich-text__text\">Pot\u00eancia instalada de 2,5MW constitu\u00edda\u00a0por duas turbinas Francis Simples.<\/span><\/p><\/li><\/ul><\/div>\t\t\t\t\t\t\t\t<\/div>\n\t\t\t\t<\/div>\n\t\t\t\t<div class=\"elementor-element elementor-element-25fb722 sc_layouts_hide_on_tablet sc_layouts_hide_on_mobile sc_fly_static elementor-widget elementor-widget-spacer\" data-id=\"25fb722\" data-element_type=\"widget\" data-e-type=\"widget\" data-widget_type=\"spacer.default\">\n\t\t\t\t<div class=\"elementor-widget-container\">\n\t\t\t\t\t\t\t<div class=\"elementor-spacer\">\n\t\t\t<div class=\"elementor-spacer-inner\"><\/div>\n\t\t<\/div>\n\t\t\t\t\t\t<\/div>\n\t\t\t\t<\/div>\n\t\t\t\t\t<\/div>\n\t\t<\/div>\n\t\t\t\t<div class=\"elementor-column elementor-col-50 elementor-top-column elementor-element elementor-element-98dd1c9 sc_content_align_inherit sc_layouts_column_icons_position_left sc_fly_static\" data-id=\"98dd1c9\" data-element_type=\"column\" data-e-type=\"column\">\n\t\t\t<div class=\"elementor-widget-wrap elementor-element-populated\">\n\t\t\t\t\t\t<div class=\"elementor-element elementor-element-b3e1581 sc_fly_static elementor-widget elementor-widget-image\" data-id=\"b3e1581\" data-element_type=\"widget\" data-e-type=\"widget\" data-widget_type=\"image.default\">\n\t\t\t\t<div class=\"elementor-widget-container\">\n\t\t\t\t\t\t\t\t\t\t\t\t\t\t\t<img decoding=\"async\" width=\"540\" height=\"346\" src=\"https:\/\/xn--cghtelesdeproena-qpb.com.br\/wp-content\/uploads\/2025\/02\/Mapa_JPG.avif\" class=\"attachment-large size-large wp-image-24449\" alt=\"\" srcset=\"https:\/\/xn--cghtelesdeproena-qpb.com.br\/wp-content\/uploads\/2025\/02\/Mapa_JPG.avif 540w, https:\/\/xn--cghtelesdeproena-qpb.com.br\/wp-content\/uploads\/2025\/02\/Mapa_JPG-300x192.avif 300w, https:\/\/xn--cghtelesdeproena-qpb.com.br\/wp-content\/uploads\/2025\/02\/Mapa_JPG-370x237.avif 370w, https:\/\/xn--cghtelesdeproena-qpb.com.br\/wp-content\/uploads\/2025\/02\/Mapa_JPG-410x263.avif 410w\" sizes=\"(max-width: 600px) 100vw, 540px\" \/>\t\t\t\t\t\t\t\t\t\t\t\t\t\t\t<\/div>\n\t\t\t\t<\/div>\n\t\t\t\t\t<\/div>\n\t\t<\/div>\n\t\t\t\t\t<\/div>\n\t\t<\/section>\n\t\t\t\t<\/div>\n\t\t","protected":false},"excerpt":{"rendered":"<p>CGH TELES DE PROEN\u00c7A Sobre O empreendimento hidrel\u00e9trico da CGH Teles de Proen\u00e7a \u00e9 um exemplo de inova\u00e7\u00e3o e sustentabilidade no setor energ\u00e9tico. Localizado na Bacia Hidrogr\u00e1fica do Rio das&hellip;<\/p>\n","protected":false},"author":1,"featured_media":0,"parent":0,"menu_order":0,"comment_status":"closed","ping_status":"closed","template":"","meta":{"footnotes":""},"class_list":["post-3825","page","type-page","status-publish","hentry"],"aioseo_notices":[],"_links":{"self":[{"href":"https:\/\/xn--cghtelesdeproena-qpb.com.br\/index.php?rest_route=\/wp\/v2\/pages\/3825","targetHints":{"allow":["GET"]}}],"collection":[{"href":"https:\/\/xn--cghtelesdeproena-qpb.com.br\/index.php?rest_route=\/wp\/v2\/pages"}],"about":[{"href":"https:\/\/xn--cghtelesdeproena-qpb.com.br\/index.php?rest_route=\/wp\/v2\/types\/page"}],"author":[{"embeddable":true,"href":"https:\/\/xn--cghtelesdeproena-qpb.com.br\/index.php?rest_route=\/wp\/v2\/users\/1"}],"replies":[{"embeddable":true,"href":"https:\/\/xn--cghtelesdeproena-qpb.com.br\/index.php?rest_route=%2Fwp%2Fv2%2Fcomments&post=3825"}],"version-history":[{"count":27,"href":"https:\/\/xn--cghtelesdeproena-qpb.com.br\/index.php?rest_route=\/wp\/v2\/pages\/3825\/revisions"}],"predecessor-version":[{"id":24636,"href":"https:\/\/xn--cghtelesdeproena-qpb.com.br\/index.php?rest_route=\/wp\/v2\/pages\/3825\/revisions\/24636"}],"wp:attachment":[{"href":"https:\/\/xn--cghtelesdeproena-qpb.com.br\/index.php?rest_route=%2Fwp%2Fv2%2Fmedia&parent=3825"}],"curies":[{"name":"wp","href":"https:\/\/api.w.org\/{rel}","templated":true}]}}